{"id":843,"date":"2015-12-01T14:38:04","date_gmt":"2015-12-01T14:38:04","guid":{"rendered":"http:\/\/164.73.217.58\/?page_id=843"},"modified":"2018-07-02T15:02:57","modified_gmt":"2018-07-02T15:02:57","slug":"repositorio","status":"publish","type":"page","link":"https:\/\/aguasurbanas.ei.udelar.edu.uy\/index.php\/repositorio\/","title":{"rendered":"Repositorio"},"content":{"rendered":"<h2 id=\"tablepress-1-name\" class=\"tablepress-table-name tablepress-table-name-id-1\">Materiales publicados *<\/h2>\n\n<table id=\"tablepress-1\" class=\"tablepress tablepress-id-1\" aria-labelledby=\"tablepress-1-name\" aria-describedby=\"tablepress-1-description\">\n<thead>\n<tr class=\"row-1\">\n\t<th class=\"column-1\">Servicio<\/th><th class=\"column-2\">Autor<\/th><th class=\"column-3\">Contenidos<\/th><th class=\"column-4\">Tem\u00e1ticas<\/th><th class=\"column-5\">Registro<\/th><th class=\"column-6\">A\u00f1o<\/th>\n<\/tr>\n<\/thead>\n<tbody class=\"row-striping row-hover\">\n<tr class=\"row-2\">\n\t<td class=\"column-1\">Curso Agua y Ciudad, FADU, Udelar<\/td><td class=\"column-2\">Nicol\u00e1s De los Santos, Pablo Santiago M\u00e9ndez<\/td><td class=\"column-3\"><a href=\"https:\/\/drive.google.com\/open?id=0B3CejxPPLKvrTmZZU3I5NFNTbkE\" target=\"_blank\">Ocupaci\u00f3n irregular del territorio en zonas inundables; Un fen\u00f3meno presente en los barrios Penino y Aut\u00f3dromo de Ciudad del Plata<\/a><\/td><td class=\"column-4\">Inundaciones<\/td><td class=\"column-5\">Tesina<\/td><td class=\"column-6\">2016<\/td>\n<\/tr>\n<tr class=\"row-3\">\n\t<td class=\"column-1\">Curso Agua y Ciudad, FADU, Udelar<\/td><td class=\"column-2\">Catalina Ma Bauer<\/td><td class=\"column-3\"><a href=\"https:\/\/drive.google.com\/open?id=0B3CejxPPLKvremFlanF3dWJ2ekU\" target=\"_blank\">Paisajes de borde. La revitalizaci\u00f3n de frentes fluviales a trav\u00e9s de la conquista del paisaje<\/a><\/td><td class=\"column-4\">Experiencias internacionales, <\/td><td class=\"column-5\">Tesina<\/td><td class=\"column-6\">2014<\/td>\n<\/tr>\n<tr class=\"row-4\">\n\t<td class=\"column-1\">Pasant\u00edas para autoconstrucci\u00f3n, MND-UDELAR<\/td><td class=\"column-2\">Catalina Radi <\/td><td class=\"column-3\"><a href=\"https:\/\/drive.google.com\/open?id=0B3CejxPPLKvreUdfNVc1dTNReWc\" target=\"_blank\">Saneamiento alternativo. Saneamiento alternativo. Desarrollo de una propuesta para la vivienda B50<\/a><\/td><td class=\"column-4\">Saneamiento alternativo<\/td><td class=\"column-5\">Tesina<\/td><td class=\"column-6\">2013<\/td>\n<\/tr>\n<tr class=\"row-5\">\n\t<td class=\"column-1\">Curso Agua y Ciudad, FADU, Udelar<\/td><td class=\"column-2\">Natalie Rold\u00e1n, Paola Viera<\/td><td class=\"column-3\"><a href=\"https:\/\/drive.google.com\/open?id=0B3CejxPPLKvrdzNueHdna254NEk\" target=\"_blank\">Saneamiento ecol\u00f3gico en asentamientos irregulares<\/a><\/td><td class=\"column-4\">Saneamiento<\/td><td class=\"column-5\">Tesina<\/td><td class=\"column-6\">2012<\/td>\n<\/tr>\n<tr class=\"row-6\">\n\t<td class=\"column-1\">Programa Maestr\u00eda en Ciencias Ambientales, FCien, Udelar<\/td><td class=\"column-2\">Franco Teixeira de Mello<\/td><td class=\"column-3\"><a href=\"https:\/\/drive.google.com\/open?id=0B3CejxPPLKvrc2NFTTN2SW90UzA\" target=\"_blank\">Efecto del uso del suelo sobre la calidad del agua y las comunidades de peces en sistemas l\u00f3ticos de la cuenca baja del R\u00edo Santa Luc\u00eda (Uruguay)<\/a><\/td><td class=\"column-4\">Investigaciones<\/td><td class=\"column-5\">Trabajo final para maestr\u00eda<\/td><td class=\"column-6\">2007<\/td>\n<\/tr>\n<tr class=\"row-7\">\n\t<td class=\"column-1\">1er encuentro de<br \/>\nEscuelas de Gobierno. UNVM, Argentina<\/td><td class=\"column-2\">Franco Teixeira de Mello<\/td><td class=\"column-3\"><a href=\"https:\/\/drive.google.com\/open?id=0B3CejxPPLKvrSjFzX0REanpLZG8\" target=\"_blank\">M\u00faltiples miradas a una realidad compleja: la urbanizaci\u00f3n en ca\u00f1adas costeras de Maldonado<\/a><\/td><td class=\"column-4\">Ca\u00f1adas urbanas<\/td><td class=\"column-5\">Ponencia<\/td><td class=\"column-6\">2016<\/td>\n<\/tr>\n<tr class=\"row-8\">\n\t<td class=\"column-1\">Seminario Cultura Ambiental y Proyecto, Udelar <\/td><td class=\"column-2\">Paula Di Bello<\/td><td class=\"column-3\"><a href=\"https:\/\/drive.google.com\/open?id=0B3CejxPPLKvrNnByRi1mby1nRW8\" target=\"_blank\">Ba\u00f1ados de Carrasco: una oportunidad proyectual<\/a><\/td><td class=\"column-4\">Ca\u00f1adas urbanas, paisaje<\/td><td class=\"column-5\">Trabajo final de curso<\/td><td class=\"column-6\">2014<\/td>\n<\/tr>\n<tr class=\"row-9\">\n\t<td class=\"column-1\">Pr\u00e1ctica profesional, EUCD, Udelar<\/td><td class=\"column-2\">Lily Borelli, Patricia Ducazes<\/td><td class=\"column-3\"><a href=\"https:\/\/drive.google.com\/open?id=0B3CejxPPLKvrcmdmQTRjUDF2NzQ\" target=\"_blank\">TOPE. Sistema de barreras anti inundaciones.<\/a><\/td><td class=\"column-4\">Inundaciones<\/td><td class=\"column-5\">Trabajo de pr\u00e1ctica profesional<\/td><td class=\"column-6\">2015<\/td>\n<\/tr>\n<tr class=\"row-10\">\n\t<td class=\"column-1\">Art\u00edculo publicado en Marine Pollution Bulletin<\/td><td class=\"column-2\">Javier Lenzi et al.<\/td><td class=\"column-3\"><a href=\"https:\/\/drive.google.com\/open?id=0B3CejxPPLKvraWJtMEZLNjVtalE\" target=\"_blank\">Plastic ingestion by a generalist seabird on the coast of Uruguay<\/a><\/td><td class=\"column-4\">Contaminaci\u00f3n<\/td><td class=\"column-5\">Art\u00edculo<\/td><td class=\"column-6\">2015<\/td>\n<\/tr>\n<tr class=\"row-11\">\n\t<td class=\"column-1\">Art\u00edculo publicado Revista de Gest\u00e3o Costeira Integrada<\/td><td class=\"column-2\">Juan Pablo Lozoya et al.<\/td><td class=\"column-3\"><a href=\"https:\/\/drive.google.com\/open?id=0B3CejxPPLKvraWJtMEZLNjVtalE\" target=\"_blank\">Management and research on plastic debris in Uruguayan Aquatic Systems: update and perspectives<\/a><\/td><td class=\"column-4\">Gesti\u00f3n<\/td><td class=\"column-5\">Art\u00edculo<\/td><td class=\"column-6\">2015<\/td>\n<\/tr>\n<tr class=\"row-12\">\n\t<td class=\"column-1\">Art\u00edculo publicado en Environmental Pollution<\/td><td class=\"column-2\">Juan Pablo Lozoya et al.<\/td><td class=\"column-3\"><a href=\"https:\/\/drive.google.com\/open?id=0B3CejxPPLKvrVTE1WElYRk5lOVE\" target=\"_blank\">Plastics and microplastics on recreational beaches in Punta del Este(Uruguay): Unseen critical residents?<\/a><\/td><td class=\"column-4\">Contaminaci\u00f3n<\/td><td class=\"column-5\">Art\u00edculo<\/td><td class=\"column-6\">2016<\/td>\n<\/tr>\n<tr class=\"row-13\">\n\t<td class=\"column-1\">EFI Agua y Ciudad, FADU, Udelar<\/td><td class=\"column-2\">Mart\u00edn Cano, Adriana Fajardo<\/td><td class=\"column-3\"><a href=\"https:\/\/drive.google.com\/open?id=0B3CejxPPLKvrMlhVQXg1Zks0X1U\" target=\"_blank\">Ca\u00f1adas Aparicio y del Molino<\/a><\/td><td class=\"column-4\">Ca\u00f1adas urbanas, gesti\u00f3n<\/td><td class=\"column-5\">Trabajo final Curso EFI Agua y Ciudad<\/td><td class=\"column-6\">2014<\/td>\n<\/tr>\n<tr class=\"row-14\">\n\t<td class=\"column-1\">Departamento de Arqueolog\u00eda, Comisi\u00f3n del Patrimonio Cultural<br \/>\nde la Naci\u00f3n, MEC<\/td><td class=\"column-2\">Virginia Mata, Yohana Arruabarrena, Alejandra Ottati, Gabriela Gallardo y Ana Gamas<\/td><td class=\"column-3\"><a href=\"https:\/\/drive.google.com\/open?id=0B3CejxPPLKvrSWtxSEh4c0thVmM\" target=\"_blank\">Arquitecturas del agua<\/a><\/td><td class=\"column-4\">Aproximaciones hist\u00f3ricas<\/td><td class=\"column-5\">Proyecto de<br \/>\nInvestigaci\u00f3n Patrimonial<\/td><td class=\"column-6\">sin dato<\/td>\n<\/tr>\n<tr class=\"row-15\">\n\t<td class=\"column-1\">PANAMJAS Pan American Journas of Aquatic Sciences<\/td><td class=\"column-2\">Mat\u00edas Zaruki, Iv\u00e1n Gonz\u00e1lez-Bergonzoni, Franco Teixeira-De Mello y Marcelo Loureiro<\/td><td class=\"column-3\"><a href=\"https:\/\/drive.google.com\/open?id=0B3CejxPPLKvrTmVXVnFjTzJWMlFkLXZ2WHU2dV9BVUlDOWxN\" target=\"_blank\">Fish diversity loss in an urban stream of Uruguay throughoutthe last century<\/a><\/td><td class=\"column-4\">Peces, riqueza, Miguelete, colecciones cient\u00edficas<\/td><td class=\"column-5\">Art\u00edculo cient\u00edfico<\/td><td class=\"column-6\">2011<\/td>\n<\/tr>\n<tr class=\"row-16\">\n\t<td class=\"column-1\">Revista de Gest\u00e3o Costeira Integrada<\/td><td class=\"column-2\">Juan Pablo Lozoya, et al.<\/td><td class=\"column-3\"><a href=\"https:\/\/drive.google.com\/open?id=0B3CejxPPLKvrakZxWGFQN2t6cEE3ZTdvazllOS1Temg3MGJz\" target=\"_blank\">Management and research on plastic debris in Uruguayan Aquatic Systems: update and perspectives<\/a><\/td><td class=\"column-4\">Contaminaci\u00f3n por pl\u00e1sticos y micropl\u00e1sticos, R\u00edo de la Plata, Gesti\u00f3n Costera Integrada, Gesti\u00f3n de residuos<\/td><td class=\"column-5\">Art\u00edculo cient\u00edfico<\/td><td class=\"column-6\">2015<\/td>\n<\/tr>\n<tr class=\"row-17\">\n\t<td class=\"column-1\">Canadian Journal of Fisheries and aquatic sciences<\/td><td class=\"column-2\">Franco Teixeira-de Mello, et al.<\/td><td class=\"column-3\"><a href=\"https:\/\/drive.google.com\/open?id=0B3CejxPPLKvrejZ6Y1B1T1BlaVhmaUNwUm02SVlzVHdQbkYw\" target=\"_blank\">Assessing effects of change in land use on size-related variables of fish in subtropical streams<\/a><\/td><td class=\"column-4\">Efecto de los usos del suelo en peces subrtopicales<\/td><td class=\"column-5\">Art\u00edculo cient\u00edfico<\/td><td class=\"column-6\">2015<\/td>\n<\/tr>\n<tr class=\"row-18\">\n\t<td class=\"column-1\">Convenio ITU-FArq (Udelar) - Intendencia Departamental de Durazno<\/td><td class=\"column-2\">Adriana Piperno, Pablo Sierra, et al.<\/td><td class=\"column-3\"><a href=\"http:\/\/www.fadu.edu.uy\/itu\/files\/2014\/10\/01_DURAZNO_ID.pdf\" target=\"_blank\">Caracterizaci\u00f3n de la vulnerabilidad del \u00e1rea afectada por las inundaciones de febrero de 2010 en la ciudad de Durazno<\/a><\/td><td class=\"column-4\">Inundaciones<\/td><td class=\"column-5\">Publicaci\u00f3n <\/td><td class=\"column-6\">2012<\/td>\n<\/tr>\n<tr class=\"row-19\">\n\t<td class=\"column-1\">Convenio Ministerio de Econom\u00eda y Finanzas - FArq, Udelar.<\/td><td class=\"column-2\">Adriana Piperno, Pablo Sierra, et al.<\/td><td class=\"column-3\"><a href=\"http:\/\/www.scielo.cl\/pdf\/eure\/v39n116\/art09.pdf\" target=\"_blank\">Caracterizaci\u00f3n de las \u00e1reas urbanas inundables de la ciudad de Bella Uni\u00f3n y su microrregi\u00f3n<\/a><\/td><td class=\"column-4\">Inundaciones<\/td><td class=\"column-5\">Publicaci\u00f3n<\/td><td class=\"column-6\">2013<\/td>\n<\/tr>\n<tr class=\"row-20\">\n\t<td class=\"column-1\">Convenio GGIR - Udelar - PNUD<\/td><td class=\"column-2\">Adriana Piperno, Pablo Sierra, Graciela Loarche, Flavia Tabasso, et al.<\/td><td class=\"column-3\"><a href=\"http:\/\/www.fadu.edu.uy\/itu\/files\/2014\/10\/04_Artigas_Salto_Paysandu.pdf\" target=\"_blank\">Impacto de las inundaciones de noviembre de 2009 en Artigas, Salto y Paysand\u00fa: insumos t\u00e9cnicos para la evaluaci\u00f3n integral<\/a><\/td><td class=\"column-4\">Inundaciones<\/td><td class=\"column-5\">Publicaci\u00f3n <\/td><td class=\"column-6\">2010<\/td>\n<\/tr>\n<tr class=\"row-21\">\n\t<td class=\"column-1\">Curso Agua y Ciudad, FADU, Udelar<\/td><td class=\"column-2\">Gabriela Juriol, Luc\u00eda Nieves<\/td><td class=\"column-3\"><a href=\"https:\/\/drive.google.com\/open?id=1tlaShDyPUkstYSrkrA2Dhp96LpJdqmPx\" rel=\"noopener\" target=\"_blank\">Uso productivo como estrategia de gesti\u00f3n de suelos inundables<\/a><\/td><td class=\"column-4\">Inundaciones<\/td><td class=\"column-5\">Tesina<\/td><td class=\"column-6\">2013<\/td>\n<\/tr>\n<tr class=\"row-22\">\n\t<td class=\"column-1\">Curso Agua y Ciudad, FADU, Udelar<\/td><td class=\"column-2\">Maria del Pilar Herrera, Carolina Vollono<\/td><td class=\"column-3\"><a href=\"https:\/\/drive.google.com\/open?id=19OfwPAP49p_DGuTyywGIzsVQknBdV2Ji\" rel=\"noopener\" target=\"_blank\">An\u00e1lisis hist\u00f3rico de la ca\u00f1ada en funci\u00f3n de las din\u00e1micas urbanas<\/a><\/td><td class=\"column-4\">Ca\u00f1adas<\/td><td class=\"column-5\">Tesina<\/td><td class=\"column-6\">2013<\/td>\n<\/tr>\n<tr class=\"row-23\">\n\t<td class=\"column-1\">Art\u00edculo publicado en Ecotoxicology and Environmental Contamination, revista de la Sociedade Brasileira de Ecotoxicologia.<\/td><td class=\"column-2\">Griffero, L.; Gomes, G.; Berazategui, M.; Fosalba, C.; Teixeira de Mello, F.; Rezende, C.; Bila, D.M.; Garc\u00eda-Alonso, J.<\/td><td class=\"column-3\"><a href=\"http:\/\/drive.google.com\/open?id=0B3CejxPPLKvrdVR2aVVHQjVDeHlBQ0VzMzJiMXoyUkxNY24w\" rel=\"noopener\" target=\"_blank\">Estrogenicity and cytotoxicity of sediments and water from the drinkwater source-basin of Montevideo city, Uruguay<\/a><\/td><td class=\"column-4\">Contaminaci\u00f3n de agua y suelos<\/td><td class=\"column-5\">Art\u00edculo cient\u00edfico<\/td><td class=\"column-6\">2018<\/td>\n<\/tr>\n<tr class=\"row-24\">\n\t<td class=\"column-1\">Art\u00edculo publicado en Ecotoxicology journal<\/td><td class=\"column-2\">Nicol\u00e1s Vidal, Marcelo Loureiro,<br \/>\nAndrea Cecilia Hued,<br \/>\nGabriela Eguren, Franco Teixeira de Mello<\/td><td class=\"column-3\"><a href=\"https:\/\/drive.google.com\/open?id=0B3CejxPPLKvrSllsZUJPbDVDbF9LQTRGV2hGZTFXaTF5TjAw\" rel=\"noopener\" target=\"_blank\">Female masculinization and reproductive success in Cnesterodondecemmaculatus (Jenyns, 1842) (Cyprinodontiforme: Poeciliidae) under anthropogenic impact<\/a><\/td><td class=\"column-4\">Contaminaci\u00f3n <\/td><td class=\"column-5\">Art\u00edculo cient\u00edfico<\/td><td class=\"column-6\">2018<\/td>\n<\/tr>\n<tr class=\"row-25\">\n\t<td class=\"column-1\">Art\u00edculo publicado en PANAMJAS<\/td><td class=\"column-2\">Mat\u00edas Zarucki, Iv\u00e1n Gonz\u00e1lez-Bergonzoni, Franco Teixeira De Mello, Marcelo Loureiro<\/td><td class=\"column-3\"><a href=\"https:\/\/drive.google.com\/open?id=0B3CejxPPLKvrTmVXVnFjTzJWMlFkLXZ2WHU2dV9BVUlDOWxN\" rel=\"noopener\" target=\"_blank\">Fish diversity loss in an urban stream of Uruguay throughoutthe last century<\/a><\/td><td class=\"column-4\">P\u00e9rdida de diversidad de peces en un arroyo urbano de Uruguay durante el \u00faltimo siglo<\/td><td class=\"column-5\">Art\u00edculo cient\u00edfico<\/td><td class=\"column-6\">2011<\/td>\n<\/tr>\n<tr class=\"row-26\">\n\t<td class=\"column-1\">Proceedings of the 3rd World Congress on Civil, Structural, and Environmental Engineering (CSEE\u201918)<\/td><td class=\"column-2\">Elena Alvareda, Franco Teixeira de Mello, Gonzalo Sapriza, Paola Russo, Vanessa Erasun, Pablo Gamazo, Rogelio Texeira, Adriana Piperno<\/td><td class=\"column-3\"><a href=\"https:\/\/drive.google.com\/open?id=0B3CejxPPLKvrOF85VDdVVFlSVXU1aDRadzBzb2VndGN5MjU0\" rel=\"noopener\" target=\"_blank\">Raising Awareness of Urban and Suburban Hydric Resource Pollution in Promoting Urban Water Management in Northwest Uruguay<\/a><\/td><td class=\"column-4\">Aguas urbanas, contaminaci\u00f3n y gesti\u00f3n<\/td><td class=\"column-5\">Art\u00edculo cient\u00edfico<\/td><td class=\"column-6\">2019<\/td>\n<\/tr>\n<tr class=\"row-27\">\n\t<td class=\"column-1\">Medical geology newsletter international medical geology association (IMGA) <\/td><td class=\"column-2\">Elena Alvareda, Franco Teixeira de Mello, Gonzalo Sapriza, Christine Lucas, Paola Russo, Vanessa Erasun, Rafael Banega, Andres Saracho, Adriana Piperno<\/td><td class=\"column-3\"><a href=\"https:\/\/drive.google.com\/open?id=0B3CejxPPLKvrUGNIUVZUblFTSW9HSEw0b2w1R0poNGktLVBN\" rel=\"noopener\" target=\"_blank\">Raising awareness for sustainable urban water management based on Eco-hydrology research: a new approach for evaluating risk to human health.<\/a><\/td><td class=\"column-4\">Aguas urbanas, contaminaci\u00f3n y gesti\u00f3n<\/td><td class=\"column-5\">Art\u00edculo cient\u00edfico<\/td><td class=\"column-6\">2019<\/td>\n<\/tr>\n<tr class=\"row-28\">\n\t<td class=\"column-1\">Programa de Iniciaci\u00f3n a la Investigaci\u00f3n interdisciplinaria para Estudiantes de Grado (EI-Udelar)<\/td><td class=\"column-2\">Mar\u00eda Eugenia Blanco, Luca Praderio <\/td><td class=\"column-3\"><a href=\"https:\/\/drive.google.com\/open?id=1afX62J0vBDz15rVHH81yYId4zuekC8K8\" rel=\"noopener\" target=\"_blank\">An\u00e1lisis del espacio del r\u00edo: Caso Arroyo Ceibal (Salto)<\/a><\/td><td class=\"column-4\">Ca\u00f1adas urbanas<\/td><td class=\"column-5\">Informe final pasant\u00edas<\/td><td class=\"column-6\">2018<\/td>\n<\/tr>\n<tr class=\"row-29\">\n\t<td class=\"column-1\">Art\u00edculo publicado en Journal of Hydrology<\/td><td class=\"column-2\">Khemngeun Pongmala, Laur\u00e8ne Autixier, Anne Sophie Madoux-Humery, Musandji Fuamba, Martine Galarneau, S\u00e9bastien Sauv\u00e9, Mich\u00e8le Pr\u00e9vost, Sarah Dorner<\/td><td class=\"column-3\"><a href=\"https:\/\/drive.google.com\/open?id=1rYpTEvUN7x0PUD1eF-pV6TqMLDEXvq1c\" rel=\"noopener\" target=\"_blank\">Modelling total suspended solids, E. coli and carbamazepine, a tracer of wastewater contamination from combined sewer overflows<\/a><\/td><td class=\"column-4\">Contaminaci\u00f3n <\/td><td class=\"column-5\">Art\u00edculo cient\u00edfico<\/td><td class=\"column-6\">2015<\/td>\n<\/tr>\n<tr class=\"row-30\">\n\t<td class=\"column-1\">Art\u00edculo publicado en Revista institucional de la Asociaci\u00f3n de<br \/>\nQu\u00edmica y Farmacia del Uruguay<\/td><td class=\"column-2\">Andr\u00e9s P\u00e9rez Parada, Horacio Heinzen<\/td><td class=\"column-3\"><a href=\"https:\/\/drive.google.com\/open?id=1DCKITcR-NrnpDsQDULd_UX1pRtnfo0hz\" rel=\"noopener\" target=\"_blank\">Contaminantes emergentes: rese\u00f1a y desaf\u00edos<\/a><\/td><td class=\"column-4\">Contaminaci\u00f3n <\/td><td class=\"column-5\">Art\u00edculo <\/td><td class=\"column-6\">2014<\/td>\n<\/tr>\n<tr class=\"row-31\">\n\t<td class=\"column-1\">Proyecto final de carrera, Licenciatura en Dise\u00f1o Integrado (Fadu, Udelar)<\/td><td class=\"column-2\">Sof\u00eda Rameau<\/td><td class=\"column-3\"><a href=\"https:\/\/drive.google.com\/open?id=1nM5jcxdF0-rUBMkdDfebs4bDJdV4csCe\" rel=\"noopener\" target=\"_blank\">\u00bfC\u00f3mo intervenir un ecosistema fluvial urbano a trav\u00e9s del espacio p\u00fablico? Arroyo La Curtiembre, Paysand\u00fa<\/a><\/td><td class=\"column-4\">Espacio p\u00fablico, Ca\u00f1adas Urbanas<\/td><td class=\"column-5\">Proyecto final de carrera<\/td><td class=\"column-6\">2019<\/td>\n<\/tr>\n<tr class=\"row-32\">\n\t<td class=\"column-1\">Art\u00edculo publicado en INNOTEC 18 Revista del Laboratorio Tecnol\u00f3gico del Uruguay<\/td><td class=\"column-2\">Kruk, Carla et al.<\/td><td class=\"column-3\"><a href=\"https:\/\/drive.google.com\/open?id=0B3CejxPPLKvrako5OFd2ZFBQalIxSURkNE5TRENJbWtjN1hJ\" rel=\"noopener\" target=\"_blank\">Floraci\u00f3n excepcional de cianobacterias t\u00f3xicas en la costa de Uruguay, verano 2019<\/a><\/td><td class=\"column-4\">Cianobacterias, microcistinas, extremos de lluvias y caudales.<\/td><td class=\"column-5\">Art\u00edculo cient\u00edfico<\/td><td class=\"column-6\">2019<\/td>\n<\/tr>\n<tr class=\"row-33\">\n\t<td class=\"column-1\">Art\u00edculo publicado en INNOTEC 10 Revista del Laboratorio Tecnol\u00f3gico del Uruguay<\/td><td class=\"column-2\">Kruk, Carla,et al.<\/td><td class=\"column-3\"><a href=\"https:\/\/drive.google.com\/open?id=0B3CejxPPLKvrTV8wY1FWbkMyZjF0YVY4YWdKRUoyQ0o5eHVJ\" rel=\"noopener\" target=\"_blank\">Herramientas para el monitoreo y sistema de alerta de floraciones de cianobacterias nocivas: R\u00edo Uruguay y R\u00edo de la Plata<\/a><\/td><td class=\"column-4\">Cianobacterias<\/td><td class=\"column-5\">Art\u00edculo cient\u00edfico<\/td><td class=\"column-6\">2015<\/td>\n<\/tr>\n<tr class=\"row-34\">\n\t<td class=\"column-1\">CURE, Udelar<\/td><td class=\"column-2\">Carla Kruk, Ana Mart\u00ednez, et al.<\/td><td class=\"column-3\"><a href=\"https:\/\/drive.google.com\/open?id=0B3CejxPPLKvrSVNzb2ZIcERteUtsQ1hkdHNrd1pMTzRIcy0w\" rel=\"noopener\" target=\"_blank\">Cianobacterias en las playas de Rocha<\/a><\/td><td class=\"column-4\">Cianobacterias<\/td><td class=\"column-5\">Art\u00edculo <\/td><td class=\"column-6\">2019<\/td>\n<\/tr>\n<tr class=\"row-35\">\n\t<td class=\"column-1\">Facultad de Ingenier\u00eda, Udelar<\/td><td class=\"column-2\">Alejandro D\u00edaz, Tom\u00e1s Herrera, Ignacio Marrero<\/td><td class=\"column-3\"><a href=\"https:\/\/www.colibri.udelar.edu.uy\/jspui\/handle\/20.500.12008\/23909\" rel=\"noopener\" target=\"_blank\">Estudio de las caracter\u00edsticas del hormig\u00f3n permeable y su implementaci\u00f3n en el Uruguay<\/a><\/td><td class=\"column-4\">construcciones verdes, nuevas tecnolog\u00edas, construcciones sustentables, pavimentos permeables<\/td><td class=\"column-5\">Proyecto final de grado<\/td><td class=\"column-6\">2019<\/td>\n<\/tr>\n<tr class=\"row-36\">\n\t<td class=\"column-1\">Art\u00edculo publicado en revista cient\u00edfica Water<\/td><td class=\"column-2\">Camila Vidal, Juan Pablo Lozoya, Giancarlo Tesitore, Guillermo Goyenola, Franco Teixeira de Mello<\/td><td class=\"column-3\"><a href=\"https:\/\/drive.google.com\/file\/d\/17V0Projbs2MUBJcq8CuV89zFSNfefNuT\/view?usp=sharing\" rel=\"noopener\" target=\"_blank\">Incidence of Watershed Land Use on the Consumption of Mesoand Microplastics by Fish Communities in Uruguayan LowlandStreams<\/a><\/td><td class=\"column-4\">Micropl\u00e1sticos, Contaminaci\u00f3n<\/td><td class=\"column-5\">Art\u00edculo cient\u00edfico<\/td><td class=\"column-6\">2021<\/td>\n<\/tr>\n<tr class=\"row-37\">\n\t<td class=\"column-1\">Tesis de grado, Licenciatura en Gesti\u00f3n Ambiental (Cure-Udelar)<\/td><td class=\"column-2\">Luc\u00eda Urtado<\/td><td class=\"column-3\"><a href=\"http:\/\/drive.google.com\/file\/d\/14sgrIsJAd88R_WL9SLDcqzRCvVCJTrRs\/view?usp=sharing\" rel=\"noopener\" target=\"_blank\">Protocolo de evaluaci\u00f3n visual para el monitoreo ambiental participativo: aportes para la gesti\u00f3n de arroyos en Uruguay<\/a><\/td><td class=\"column-4\">Protocolo visual<\/td><td class=\"column-5\">Tesis de grado<\/td><td class=\"column-6\">2019<\/td>\n<\/tr>\n<tr class=\"row-38\">\n\t<td class=\"column-1\">Departamento de Ecolog\u00eda y Gesti\u00f3n Ambiental, Centro Universitario Regional del Este (CURE)<\/td><td class=\"column-2\">Margenny Barrios, Franco Teixeira de Mello<\/td><td class=\"column-3\"><a href=\"https:\/\/drive.google.com\/file\/d\/1luMSFvryyAAfIai_VoFIA711Lc-RN2n8\/view?usp=sharing\" rel=\"noopener\" target=\"_blank\">La urbanizaci\u00f3n afecta la calidad del agua y el uso de microh\u00e1bitats por parte de los peces en los arroyos agr\u00edcolas subtropicales<\/a><\/td><td class=\"column-4\">Nicho abi\u00f3tico, uso de la tierra, interacci\u00f3n microh\u00e1bitat-pez<\/td><td class=\"column-5\">Art\u00edculo cient\u00edfico<\/td><td class=\"column-6\">2022<\/td>\n<\/tr>\n<tr class=\"row-39\">\n\t<td class=\"column-1\">Articulo publicado.<br \/>\nIMFIA FING<\/td><td class=\"column-2\">Martina Pou, Marcos Pastorini, Jimena Alonso, Angela Gorgoglione <\/td><td class=\"column-3\"><a href=\"https:\/\/drive.google.com\/file\/d\/1AVQ1HjnqzY2AvbC4lqphnAXzWJ653u2G\/view?usp=share_link\">Exploring the nexus between water quality and land use\/land cover change in an urban watershed in Uruguay: a machine learning approach<\/a><\/td><td class=\"column-4\">Calidad de agua <\/td><td class=\"column-5\">Art\u00edculo cient\u00edfico<\/td><td class=\"column-6\">2024<\/td>\n<\/tr>\n<\/tbody>\n<\/table>\n<span id=\"tablepress-1-description\" class=\"tablepress-table-description tablepress-table-description-id-1\">* Esta tabla contiene todos los materiales publicados por el N\u00facleo Aguas Urbanas, trabajos estudiantiles y art\u00edculos externos de relevancia para el NAU.<\/span>\n<!-- #tablepress-1 from cache -->\n","protected":false},"excerpt":{"rendered":"","protected":false},"author":1,"featured_media":0,"parent":0,"menu_order":0,"comment_status":"closed","ping_status":"closed","template":"","meta":{"_exactmetrics_skip_tracking":false,"_exactmetrics_sitenote_active":false,"_exactmetrics_sitenote_note":"","_exactmetrics_sitenote_category":0,"footnotes":""},"class_list":["post-843","page","type-page","status-publish","czr-hentry"],"_links":{"self":[{"href":"https:\/\/aguasurbanas.ei.udelar.edu.uy\/index.php\/wp-json\/wp\/v2\/pages\/843","targetHints":{"allow":["GET"]}}],"collection":[{"href":"https:\/\/aguasurbanas.ei.udelar.edu.uy\/index.php\/wp-json\/wp\/v2\/pages"}],"about":[{"href":"https:\/\/aguasurbanas.ei.udelar.edu.uy\/index.php\/wp-json\/wp\/v2\/types\/page"}],"author":[{"embeddable":true,"href":"https:\/\/aguasurbanas.ei.udelar.edu.uy\/index.php\/wp-json\/wp\/v2\/users\/1"}],"replies":[{"embeddable":true,"href":"https:\/\/aguasurbanas.ei.udelar.edu.uy\/index.php\/wp-json\/wp\/v2\/comments?post=843"}],"version-history":[{"count":9,"href":"https:\/\/aguasurbanas.ei.udelar.edu.uy\/index.php\/wp-json\/wp\/v2\/pages\/843\/revisions"}],"predecessor-version":[{"id":3598,"href":"https:\/\/aguasurbanas.ei.udelar.edu.uy\/index.php\/wp-json\/wp\/v2\/pages\/843\/revisions\/3598"}],"wp:attachment":[{"href":"https:\/\/aguasurbanas.ei.udelar.edu.uy\/index.php\/wp-json\/wp\/v2\/media?parent=843"}],"curies":[{"name":"wp","href":"https:\/\/api.w.org\/{rel}","templated":true}]}}