{"id":836,"date":"2015-12-01T14:27:52","date_gmt":"2015-12-01T14:27:52","guid":{"rendered":"http:\/\/164.73.217.58\/?page_id=836"},"modified":"2016-11-21T16:01:09","modified_gmt":"2016-11-21T16:01:09","slug":"produccion-aguas-urbanas","status":"publish","type":"page","link":"https:\/\/aguasurbanas.ei.udelar.edu.uy\/index.php\/produccion-aguas-urbanas\/","title":{"rendered":"Plan de trabajo"},"content":{"rendered":"<p>La p\u00e1gina web del N\u00facleo Interdisciplinario <em><strong>Aguas Urbanas: proyecto y gesti\u00f3n<\/strong><\/em>\u00a0surge como un espacio de amplificaci\u00f3n e intercambio.<\/p>\n<p>Esta plataforma virtual pretende difundir, adem\u00e1s de las actividades desarrolladas por el nuestro equipo de trabajo, aportes desde la gesti\u00f3n y desde \u00e1mbitos de generaci\u00f3n de conocimiento; propuestas y opiniones que aportan a nuevas visiones futuras. Tambi\u00e9n se pretende compartir galer\u00edas de im\u00e1genes relacionadas a la relaci\u00f3n agua-ciudad y art\u00edculos e investigaciones completas desde nuestro repositorio.<\/p>\n<p>Nuestra web est\u00e1 estructurada en base a las siguientes categor\u00edas:<\/p>\n<p><span style=\"color: #008080;\"><strong><span style=\"color: #008080;\"><a style=\"color: #008080;\" href=\"http:\/\/www.aguasurbanas.ei.udelar.edu.uy\/index.php\/category\/acciones\/\" target=\"_blank\">Acciones<\/a><\/span><br \/>\n<\/strong><\/span>Reflexionar a partir de la pr\u00e1ctica.<br \/>\nPropone una aproximaci\u00f3n a pr\u00e1cticas nacionales e internacionales que permitan avanzar en la gesti\u00f3n de las aguas urbanas. Recoge tanto buenas pr\u00e1cticas como otras acciones que ameritan una reflexi\u00f3n. Contiene marcos regulatorios, planes, proyectos urbanos, proyectos edilicios, dispositivos, detalles constructivos, entre otros.<\/p>\n<p><span style=\"color: #008080;\"><strong><br \/>\n<\/strong><strong><a style=\"color: #008080;\" href=\"http:\/\/www.aguasurbanas.ei.udelar.edu.uy\/index.php\/category\/investigaciones\/\" target=\"_blank\">Investigaciones<br \/>\n<\/a><\/strong><\/span>Explicar las causas, generar nuevas alternativas.<br \/>\nLa generaci\u00f3n de nuevo conocimiento permite explicar las causas de problem\u00e1ticas actuales y presentar alternativas innovadoras. Se incluyen aqu\u00ed explicaciones a problemas en base a investigaciones realizadas, tambi\u00e9n res\u00famenes de investigaciones nacionales e internacionales y tambi\u00e9n un repositorio de art\u00edculos cient\u00edficos, publicaciones y links a sitios de inter\u00e9s.<\/p>\n<p><span style=\"color: #008080;\"><strong><br \/>\n<span style=\"color: #008080;\"><a style=\"color: #008080;\" href=\"http:\/\/www.aguasurbanas.ei.udelar.edu.uy\/index.php\/category\/exploraciones\/\" target=\"_blank\">Exploraciones<br \/>\n<\/a><\/span><\/strong><\/span>Construcci\u00f3n de la visi\u00f3n futura.<br \/>\nPropone generar un espacio de ideas, aplicables o no , que ser\u00e1n disparadores de nuevas visiones. Se incluyen en esta categor\u00eda trabajos de estudiantes, anteproyectos de taller, tesinas, trabajos de extensi\u00f3n y tambi\u00e9n opiniones e ideas desde distintos \u00e1mbitos que aporten a una reflexi\u00f3n colectiva.<\/p>\n<p><span style=\"color: #008080;\"><strong><br \/>\n<\/strong><strong><a style=\"color: #008080;\" href=\"http:\/\/www.aguasurbanas.ei.udelar.edu.uy\/index.php\/category\/galerias\/\" target=\"_blank\">Galer\u00edas<br \/>\n<\/a><\/strong><\/span>Archivo de diversos registros fotogr\u00e1ficos pertinentes a las tem\u00e1ticas desarolladas en nuestro sitio.<br \/>\nConsta de producci\u00f3n propia del n\u00facleo, as\u00ed como tambi\u00e9n de colaboraciones externas a \u00e9l. Todas las im\u00e1genes aqu\u00ed publicadas cuentan con sus debidos cr\u00e9ditos de autor.<\/p>\n<p><strong><a style=\"color: #008080;\" href=\"http:\/\/www.aguasurbanas.ei.udelar.edu.uy\/index.php\/proyecto-de-evaluacion-de-canadas-urbanas\/\" target=\"_blank\"><br \/>\n<\/a><\/strong><strong><span style=\"color: #008080;\"><a style=\"color: #008080;\" href=\"http:\/\/www.aguasurbanas.ei.udelar.edu.uy\/index.php\/repositorio\/\" target=\"_blank\">Repositorio<br \/>\n<\/a><\/span><\/strong>Un espacio dentro de nuestro sitio web destinado a la recopilaci\u00f3n de documentaci\u00f3n relevante acerca de la tem\u00e1tica de estudio. En el repositorio se podr\u00e1n encontrar investigaciones, tesis, tesinas y art\u00edculos de miembros del n\u00facleo y tambi\u00e9n externos.<\/p>\n","protected":false},"excerpt":{"rendered":"<p>La p\u00e1gina web del N\u00facleo Interdisciplinario Aguas Urbanas: proyecto y gesti\u00f3n\u00a0surge como un espacio de amplificaci\u00f3n e intercambio. Esta plataforma virtual pretende difundir, adem\u00e1s de las actividades desarrolladas por el nuestro equipo de trabajo, aportes desde la gesti\u00f3n y desde \u00e1mbitos de generaci\u00f3n de conocimiento; propuestas y opiniones que aportan a nuevas visiones futuras. Tambi\u00e9n [&hellip;]<\/p>\n","protected":false},"author":1,"featured_media":0,"parent":0,"menu_order":0,"comment_status":"closed","ping_status":"closed","template":"","meta":{"_exactmetrics_skip_tracking":false,"_exactmetrics_sitenote_active":false,"_exactmetrics_sitenote_note":"","_exactmetrics_sitenote_category":0,"footnotes":""},"class_list":["post-836","page","type-page","status-publish","czr-hentry"],"_links":{"self":[{"href":"https:\/\/aguasurbanas.ei.udelar.edu.uy\/index.php\/wp-json\/wp\/v2\/pages\/836","targetHints":{"allow":["GET"]}}],"collection":[{"href":"https:\/\/aguasurbanas.ei.udelar.edu.uy\/index.php\/wp-json\/wp\/v2\/pages"}],"about":[{"href":"https:\/\/aguasurbanas.ei.udelar.edu.uy\/index.php\/wp-json\/wp\/v2\/types\/page"}],"author":[{"embeddable":true,"href":"https:\/\/aguasurbanas.ei.udelar.edu.uy\/index.php\/wp-json\/wp\/v2\/users\/1"}],"replies":[{"embeddable":true,"href":"https:\/\/aguasurbanas.ei.udelar.edu.uy\/index.php\/wp-json\/wp\/v2\/comments?post=836"}],"version-history":[{"count":41,"href":"https:\/\/aguasurbanas.ei.udelar.edu.uy\/index.php\/wp-json\/wp\/v2\/pages\/836\/revisions"}],"predecessor-version":[{"id":3371,"href":"https:\/\/aguasurbanas.ei.udelar.edu.uy\/index.php\/wp-json\/wp\/v2\/pages\/836\/revisions\/3371"}],"wp:attachment":[{"href":"https:\/\/aguasurbanas.ei.udelar.edu.uy\/index.php\/wp-json\/wp\/v2\/media?parent=836"}],"curies":[{"name":"wp","href":"https:\/\/api.w.org\/{rel}","templated":true}]}}