{"id":801,"date":"2015-12-01T13:50:32","date_gmt":"2015-12-01T13:50:32","guid":{"rendered":"http:\/\/164.73.217.58\/?page_id=801"},"modified":"2019-06-03T11:51:37","modified_gmt":"2019-06-03T14:51:37","slug":"quienes-somos_equipo_el-sitio","status":"publish","type":"page","link":"https:\/\/aguasurbanas.ei.udelar.edu.uy\/index.php\/quienes-somos_equipo_el-sitio\/","title":{"rendered":"N\u00facleo Interdisciplinario Aguas urbanas: Proyecto y Gesti\u00f3n"},"content":{"rendered":"<p><strong>Antecedentes<\/strong><\/p>\n<p>La propuesta se sustenta en una demanda desde varios Servicios y Centros de la UdelaR de abordar la complejidad del Agua en la Ciudad desde un enfoque interdisciplinario. Desde este entendido, se considera necesario desarrollar una red de trabajo que amplifique las actividades acad\u00e9micas de los grupos y que permita trasvasar experiencias y conocimientos disciplinares, conectando activamente los equipos y propuestas, tendiendo al desarrollo de nuevas estrategias de an\u00e1lisis. Los distintos grupos han desarrollado actividades conjuntas que se constituyen en antecedentes, que la creaci\u00f3n de un N\u00facleo Interdisciplinario (NI) permitir\u00eda consolidar. Entre ellos destacan: A\u00f1o Tem\u00e1tico 2013, Curso Opcional Agua y Ciudad, Curso &#8211; Taller Agua-Ciudad Intercambios (1\u00aaEdicion 2012 -dictado en Montevideo-, 2\u00aaEd. 2014 -dictado en CURE Maldonado), Espacio de Formaci\u00f3n Integral Ca\u00f1adas Urbanas y Taller Interdisciplinario de T\u00f3picos Regionales II de la LGA, y trabajos y charlas puntuales de asesor\u00edas cruzadas entre equipos en proyectos y cursos espec\u00edficos.<\/p>\n<p><strong><br \/>\nMarco conceptual<br \/>\n<\/strong><\/p>\n<p><span style=\"line-height: 1.5;\">La calidad de vida en las ciudades depende en gran forma de la gesti\u00f3n de sus aguas, considerando aguas urbanas los cursos de agua, arroyos, ca\u00f1adas y lagos- as\u00ed como el manejo de escorrent\u00edas y efluentes urbanos. La tendencia dominante desde el S XIX (paradigma higienista) promov\u00eda el manejo de las aguas urbanas ocult\u00e1ndolas y sac\u00e1ndolas lo m\u00e1s r\u00e1pido posible de la ciudad. Esta modalidad de gesti\u00f3n, que evidencia el modelo dominante de confianza en el desarrollo tecnol\u00f3gico y de control de la naturaleza, ha generado puntos de conflicto agua-ciudad (de calidad y cantidad), al mismo tiempo que desaprovecha los servicios ecosist\u00e9micos relacionados.<\/span><\/p>\n<p>Esto genera una serie de problemas urbanos como ser: zonas inundables en los puntos bajos, Inundaciones de viviendas por ca\u00f1adas en predios privados, desbordes de redes de saneamiento, mal funcionamiento de redes por residuos s\u00f3lidos, erosi\u00f3n y sedimentaci\u00f3n, contaminaci\u00f3n difusa de los cursos de agua y napas subterr\u00e1neas y p\u00e9rdida de biodiversidad entre otros.<\/p>\n<p>Un cambio en la forma de abordaje permite considerar a las aguas urbanas como una potencialidad para un desarrollo urbano sustentable, a trav\u00e9s de la b\u00fasqueda de medidas de remediaci\u00f3n de cursos afectados y desarrollo de estrategias para la incorporaci\u00f3n de las aguas a los nuevos desarrollos urbanos.<\/p>\n<p><strong><br \/>\nObjetivo<\/strong><\/p>\n<p>Uno de los objetivos de la creaci\u00f3n de este NI es la articulaci\u00f3n de las l\u00edneas de trabajo de los grupos de investigaci\u00f3n, generando sinergias para la profundizaci\u00f3n del proyecto y gesti\u00f3n de la relaci\u00f3n del agua con el sistema urbano.<\/p>\n<p><strong><br \/>\nDesarrollo<\/strong><br \/>\nEl grupo se ha definido trabajar en 3 ejes:<\/p>\n<p><strong>EJE 1 &#8211; PR\u00c1CTICAS INTEGRALES DE INVESTIGACI\u00d3N APLICADA-EXTENSI\u00d3N<\/strong><br \/>\nFortalecimiento de los v\u00ednculos entre las l\u00edneas de trabajo de los diferentes grupos acad\u00e9micos integrantes del NI a trav\u00e9s del proyecto CA\u00d1ADAS URBANAS- Seguimiento de calidad y cantidad del agua de ca\u00f1adas en cinco ciudades (Bella Uni\u00f3n, Maldonado, Montevideo, Paysand\u00fa y Salto), y de dos pasant\u00edas tutoradas por integrantes del equipo, una sobre protocolo visual para el monitoreo participativo de la calidad ambiental de ca\u00f1adas urbanas y otro sobre normativa para servidumbres de este tipo de cuerpos de agua.<\/p>\n<p><strong>EJE 2 \u2013 ENSE\u00d1ANZA INTERDISCIPLINARIA<\/strong><br \/>\nDesarrollo de actividades de ense\u00f1anza con participaci\u00f3n de docentes del NI, asesoramiento a otros \u00e1mbitos acad\u00e9micos, seguimiento de tesinas y proyectos finales y profundizaci\u00f3n del desarrollo de cursos de grado, posgrado y educaci\u00f3n permanente (cursos, asesoramientos cruzados, formaci\u00f3n de recursos humanos: pasant\u00edas). En este marco se realiz\u00f3 el Curso para Egresados Agua y Ciudad \u2013Ciudad Agua INTERcambios en Salto 2015.<\/p>\n<p><strong>EJE 3 \u2013 PLATAFORMA VIRTUAL<br \/>\n<\/strong>Espacio de amplificaci\u00f3n. Conformaci\u00f3n de un espacio de intercambio a trav\u00e9s de una plataforma virtual que difunde, adem\u00e1s las actividades desarrolladas por el N\u00facleo: aportes desde la gesti\u00f3n, desde \u00e1mbitos de generaci\u00f3n de conocimiento, propuestas y opiniones que aportan a nuevas visiones futuras e im\u00e1genes relacionadas a la relaci\u00f3n agua-ciudad.<\/p>\n<p><strong><br \/>\nCoordinadores<\/strong><\/p>\n<p>Adriana Piperno<br \/>\nFranco Teixeira de Mello<\/p>\n<p><strong>Contacto<\/strong><br \/>\napiperno@fadu.edu.uy<br \/>\nfrantei@fcien.edu.uy<\/p>\n<p>&nbsp;<\/p>\n<p><strong>Miembros n\u00facleo<\/strong><\/p>\n<p>Jimena Alonso | FING<br \/>\nJimena \u00c1lvarez | FADU<br \/>\nElena Alvareda | Regional Norte<br \/>\nMar\u00eda Amado | FADU<br \/>\nSof\u00eda Bausero | FCIEN<br \/>\nNatalia Barindelli | CURE<br \/>\nLucas Bessone | Regional Norte<br \/>\nMar\u00eda Eugenia Blanco | FADU<br \/>\nMarcelo Bondarenco | Regional Norte<br \/>\nEnzo Cavalli | FCIEN<br \/>\nChristian Chreties | FING<br \/>\nVictoria de \u00c1lava | FADU<br \/>\nPaula Di Bello | FADU<br \/>\nVanessa Erasun | Regional Norte<br \/>\nLuc\u00eda Fern\u00e1ndez | FADU<br \/>\nJuan Ferrer | Regional Norte<br \/>\nIsabel Gadino | CURE<br \/>\nPablo Gamazzo | Regional Norte<br \/>\nPablo Gianoli Kovar | FING<br \/>\nAna Laura Go\u00f1i | CURE<br \/>\nHugo Inda | CURE<br \/>\nN\u00e9stor Mazzeo | CURE<br \/>\nNorma Piazza | FADU, CURE<br \/>\nLuca Pradeiro | FADU, LDP<br \/>\nJuli\u00e1n Ramos | Regional Norte<br \/>\nSof\u00eda Rameau | FADU, LDI<br \/>\nNicol\u00e1s Rezzano | FING<br \/>\nIngrid Roche | FADU<br \/>\nPaola Russo | Regional Norte<br \/>\nVictoria S\u00e1nchez | CURE<br \/>\nMat\u00edas Santa Cruz Torres | FING<br \/>\nGonzalo Sapriza | Regional Norte<br \/>\nPablo Sierra | FADU<br \/>\nMart\u00edn Sorondo | FADU<br \/>\nRogelio Texeira | Regional Norte<br \/>\nLuc\u00eda Urtado | CURE<br \/>\nAlma Varela | FADU<\/p>\n","protected":false},"excerpt":{"rendered":"<p>Antecedentes La propuesta se sustenta en una demanda desde varios Servicios y Centros de la UdelaR de abordar la complejidad del Agua en la Ciudad desde un enfoque interdisciplinario. Desde este entendido, se considera necesario desarrollar una red de trabajo que amplifique las actividades acad\u00e9micas de los grupos y que permita trasvasar experiencias y conocimientos [&hellip;]<\/p>\n","protected":false},"author":1,"featured_media":0,"parent":0,"menu_order":0,"comment_status":"closed","ping_status":"closed","template":"","meta":{"_exactmetrics_skip_tracking":false,"_exactmetrics_sitenote_active":false,"_exactmetrics_sitenote_note":"","_exactmetrics_sitenote_category":0,"footnotes":""},"class_list":["post-801","page","type-page","status-publish","czr-hentry"],"_links":{"self":[{"href":"https:\/\/aguasurbanas.ei.udelar.edu.uy\/index.php\/wp-json\/wp\/v2\/pages\/801","targetHints":{"allow":["GET"]}}],"collection":[{"href":"https:\/\/aguasurbanas.ei.udelar.edu.uy\/index.php\/wp-json\/wp\/v2\/pages"}],"about":[{"href":"https:\/\/aguasurbanas.ei.udelar.edu.uy\/index.php\/wp-json\/wp\/v2\/types\/page"}],"author":[{"embeddable":true,"href":"https:\/\/aguasurbanas.ei.udelar.edu.uy\/index.php\/wp-json\/wp\/v2\/users\/1"}],"replies":[{"embeddable":true,"href":"https:\/\/aguasurbanas.ei.udelar.edu.uy\/index.php\/wp-json\/wp\/v2\/comments?post=801"}],"version-history":[{"count":69,"href":"https:\/\/aguasurbanas.ei.udelar.edu.uy\/index.php\/wp-json\/wp\/v2\/pages\/801\/revisions"}],"predecessor-version":[{"id":4683,"href":"https:\/\/aguasurbanas.ei.udelar.edu.uy\/index.php\/wp-json\/wp\/v2\/pages\/801\/revisions\/4683"}],"wp:attachment":[{"href":"https:\/\/aguasurbanas.ei.udelar.edu.uy\/index.php\/wp-json\/wp\/v2\/media?parent=801"}],"curies":[{"name":"wp","href":"https:\/\/api.w.org\/{rel}","templated":true}]}}